{"id":15806,"date":"2017-01-16T11:02:53","date_gmt":"2017-01-16T10:02:53","guid":{"rendered":"http:\/\/garage-ebner.ch\/newsite\/?page_id=15806"},"modified":"2025-11-03T14:56:33","modified_gmt":"2025-11-03T13:56:33","slug":"notre-equipe","status":"publish","type":"page","link":"https:\/\/garage-ebner.ch\/newsite\/notre-equipe\/","title":{"rendered":"Notre \u00e9quipe"},"content":{"rendered":"<div class=\"wpb-content-wrapper\"><p>[vc_row css_animation=\u00a0\u00bb\u00a0\u00bb row_type=\u00a0\u00bbrow\u00a0\u00bb use_row_as_full_screen_section=\u00a0\u00bbno\u00a0\u00bb type=\u00a0\u00bbgrid\u00a0\u00bb angled_section=\u00a0\u00bbno\u00a0\u00bb text_align=\u00a0\u00bbleft\u00a0\u00bb background_image_as_pattern=\u00a0\u00bbwithout_pattern\u00a0\u00bb anchor=\u00a0\u00bbequipe\u00a0\u00bb background_color=\u00a0\u00bb#ffffff\u00a0\u00bb padding_top=\u00a0\u00bb82&Prime; padding_bottom=\u00a0\u00bb0&Prime;][vc_column][vc_column_text]<\/p>\n<h2>L&rsquo;\u00e9quipe<\/h2>\n<p>[\/vc_column_text][vc_separator type=\u00a0\u00bbtransparent\u00a0\u00bb up=\u00a0\u00bb13&Prime; down=\u00a0\u00bb0&Prime;][vc_column_text]<\/p>\n<h5>\u00e0\u00a0votre service<\/h5>\n<p>[\/vc_column_text][vc_separator type=\u00a0\u00bbtransparent\u00a0\u00bb up=\u00a0\u00bb46&Prime; down=\u00a0\u00bb0&Prime;][\/vc_column][\/vc_row][vc_row css_animation=\u00a0\u00bb\u00a0\u00bb row_type=\u00a0\u00bbrow\u00a0\u00bb use_row_as_full_screen_section=\u00a0\u00bbno\u00a0\u00bb type=\u00a0\u00bbgrid\u00a0\u00bb angled_section=\u00a0\u00bbno\u00a0\u00bb text_align=\u00a0\u00bbleft\u00a0\u00bb background_image_as_pattern=\u00a0\u00bbwithout_pattern\u00a0\u00bb anchor=\u00a0\u00bbequipe\u00a0\u00bb background_color=\u00a0\u00bb#ffffff\u00a0\u00bb padding_top=\u00a0\u00bb82&Prime; padding_bottom=\u00a0\u00bb0&Prime;][vc_column][vc_row_inner row_type=\u00a0\u00bbrow\u00a0\u00bb type=\u00a0\u00bbfull_width\u00a0\u00bb text_align=\u00a0\u00bbleft\u00a0\u00bb css_animation=\u00a0\u00bb\u00a0\u00bb][vc_column_inner width=\u00a0\u00bb1\/2&Prime;][vc_single_image image=\u00a0\u00bb16611&Prime; img_size=\u00a0\u00bbfull\u00a0\u00bb qode_css_animation=\u00a0\u00bbelement_from_fade\u00a0\u00bb transition_delay=\u00a0\u00bb0.2&Prime;][vc_separator type=\u00a0\u00bbtransparent\u00a0\u00bb up=\u00a0\u00bb29&Prime; down=\u00a0\u00bb0&Prime;][vc_column_text]<\/p>\n<h5>Direction<\/h5>\n<p>[\/vc_column_text][vc_separator type=\u00a0\u00bbtransparent\u00a0\u00bb up=\u00a0\u00bb4&Prime; down=\u00a0\u00bb0&Prime;][vc_column_text]<\/p>\n<h2>Alain Ebner<\/h2>\n<p>[\/vc_column_text][vc_separator type=\u00a0\u00bbtransparent\u00a0\u00bb up=\u00a0\u00bb24&Prime; down=\u00a0\u00bb0&Prime;][vc_column_text]<span data-type=\"circle\"   class=\"qode_icon_shortcode fa-stack q_font_awsome_icon_stack fa-2x pull-left \" style=\"margin: -18px 10px 0 0; \"><i class=\"fa fa-circle fa-stack-base fa-stack-2x\" style=\"color: #006db6;\"><\/i><i class=\"qode_icon_font_awesome fa fa-phone qode_icon_element fa-stack-1x\" style=\"font-size: 22px;color: #fff;\" ><\/i><\/span> 021 808 52 52<\/p>\n<p>[vc_separator type=&rsquo;transparent&rsquo; position=&rsquo;left&rsquo; color=\u00a0\u00bb thickness=\u00a0\u00bb up=&rsquo;20&rsquo; down=&rsquo;20&rsquo;]<\/p>\n<p><span data-type=\"circle\"   class=\"qode_icon_shortcode fa-stack q_font_awsome_icon_stack fa-2x pull-left \" style=\"margin: -18px 10px 0 0; \"><i class=\"fa fa-circle fa-stack-base fa-stack-2x\" style=\"color: #006db6;\"><\/i><i class=\"qode_icon_font_awesome fa fa-mobile qode_icon_element fa-stack-1x\" style=\"font-size: 22px;color: #fff;\" ><\/i><\/span> 079 712 99 59<\/p>\n<p>[vc_separator type=&rsquo;transparent&rsquo; position=&rsquo;left&rsquo; color=\u00a0\u00bb thickness=\u00a0\u00bb up=&rsquo;20&rsquo; down=&rsquo;20&rsquo;]<\/p>\n<p><span data-type=\"circle\"   class=\"qode_icon_shortcode fa-stack q_font_awsome_icon_stack fa-2x pull-left \" style=\"margin: -18px 10px 0 0; \"><i class=\"fa fa-circle fa-stack-base fa-stack-2x\" style=\"color: #006db6;\"><\/i><i class=\"qode_icon_font_awesome fa fa-envelope qode_icon_element fa-stack-1x\" style=\"font-size: 22px;color: #fff;\" ><\/i><\/span> <a href=\"mailto:alain@garage-ebner.ch\" target=\"_blank\" rel=\"noopener noreferrer\">alain@garage-ebner.ch<\/a>[\/vc_column_text][vc_separator type=\u00a0\u00bbtransparent\u00a0\u00bb up=\u00a0\u00bb51&Prime; down=\u00a0\u00bb0&Prime;][\/vc_column_inner][vc_column_inner width=\u00a0\u00bb1\/2&Prime;][vc_single_image image=\u00a0\u00bb16612&Prime; img_size=\u00a0\u00bbfull\u00a0\u00bb qode_css_animation=\u00a0\u00bbelement_from_fade\u00a0\u00bb transition_delay=\u00a0\u00bb0.4&Prime;][vc_separator type=\u00a0\u00bbtransparent\u00a0\u00bb up=\u00a0\u00bb29&Prime; down=\u00a0\u00bb0&Prime;][vc_column_text]<\/p>\n<h5>Chef d&rsquo;atelier<\/h5>\n<p>[\/vc_column_text][vc_separator type=\u00a0\u00bbtransparent\u00a0\u00bb up=\u00a0\u00bb4&Prime; down=\u00a0\u00bb0&Prime;][vc_column_text]<\/p>\n<h2>Antonio Vitelli<\/h2>\n<p>[\/vc_column_text][vc_separator type=\u00a0\u00bbtransparent\u00a0\u00bb up=\u00a0\u00bb24&Prime; down=\u00a0\u00bb0&Prime;][vc_column_text]<span data-type=\"circle\"   class=\"qode_icon_shortcode fa-stack q_font_awsome_icon_stack fa-2x pull-left \" style=\"margin: -18px 10px 0 0; \"><i class=\"fa fa-circle fa-stack-base fa-stack-2x\" style=\"color: #006db6;\"><\/i><i class=\"qode_icon_font_awesome fa fa-phone qode_icon_element fa-stack-1x\" style=\"font-size: 22px;color: #fff;\" ><\/i><\/span> 021 808 52 52<\/p>\n<p>[vc_separator type=&rsquo;transparent&rsquo; position=&rsquo;left&rsquo; color=\u00a0\u00bb thickness=\u00a0\u00bb up=&rsquo;20&rsquo; down=&rsquo;20&rsquo;]<\/p>\n<p><span data-type=\"circle\"   class=\"qode_icon_shortcode fa-stack q_font_awsome_icon_stack fa-2x pull-left \" style=\"margin: -18px 10px 0 0; \"><i class=\"fa fa-circle fa-stack-base fa-stack-2x\" style=\"color: #006db6;\"><\/i><i class=\"qode_icon_font_awesome fa fa-envelope qode_icon_element fa-stack-1x\" style=\"font-size: 22px;color: #fff;\" ><\/i><\/span>\u00a0<a href=\"mailto:atelier@garage-ebner.ch\" target=\"_blank\" rel=\"noopener noreferrer\">atelier@garage-ebner.ch<\/a>[\/vc_column_text][vc_separator type=\u00a0\u00bbtransparent\u00a0\u00bb up=\u00a0\u00bb24&Prime; down=\u00a0\u00bb0&Prime;][\/vc_column_inner][\/vc_row_inner][\/vc_column][\/vc_row][vc_row css_animation=\u00a0\u00bb\u00a0\u00bb row_type=\u00a0\u00bbrow\u00a0\u00bb use_row_as_full_screen_section=\u00a0\u00bbno\u00a0\u00bb type=\u00a0\u00bbgrid\u00a0\u00bb angled_section=\u00a0\u00bbno\u00a0\u00bb text_align=\u00a0\u00bbleft\u00a0\u00bb background_image_as_pattern=\u00a0\u00bbwithout_pattern\u00a0\u00bb anchor=\u00a0\u00bbequipe\u00a0\u00bb background_color=\u00a0\u00bb#ffffff\u00a0\u00bb padding_top=\u00a0\u00bb82&Prime; padding_bottom=\u00a0\u00bb0&Prime;][vc_column][vc_row_inner row_type=\u00a0\u00bbrow\u00a0\u00bb type=\u00a0\u00bbfull_width\u00a0\u00bb text_align=\u00a0\u00bbleft\u00a0\u00bb css_animation=\u00a0\u00bb\u00a0\u00bb][vc_column_inner width=\u00a0\u00bb1\/2&Prime;][vc_separator type=\u00a0\u00bbtransparent\u00a0\u00bb up=\u00a0\u00bb29&Prime; down=\u00a0\u00bb0&Prime;][vc_single_image image=\u00a0\u00bb16689&Prime; img_size=\u00a0\u00bbfull\u00a0\u00bb css=\u00a0\u00bb\u00a0\u00bb qode_css_animation=\u00a0\u00bbelement_from_fade\u00a0\u00bb transition_delay=\u00a0\u00bb0.2&Prime;][vc_separator type=\u00a0\u00bbtransparent\u00a0\u00bb up=\u00a0\u00bb29&Prime; down=\u00a0\u00bb0&Prime;][vc_column_text]<\/p>\n<h5>M\u00e9catronicien<\/h5>\n<p>[\/vc_column_text][vc_separator type=\u00a0\u00bbtransparent\u00a0\u00bb up=\u00a0\u00bb4&Prime; down=\u00a0\u00bb0&Prime;][vc_column_text css=\u00a0\u00bb\u00a0\u00bb]<\/p>\n<h2>Nathan Sandoz<\/h2>\n<p>[\/vc_column_text][vc_separator type=\u00a0\u00bbtransparent\u00a0\u00bb up=\u00a0\u00bb24&Prime; down=\u00a0\u00bb0&Prime;][vc_column_text]<span data-type=\"circle\"   class=\"qode_icon_shortcode fa-stack q_font_awsome_icon_stack fa-2x pull-left \" style=\"margin: -18px 10px 0 0; \"><i class=\"fa fa-circle fa-stack-base fa-stack-2x\" style=\"color: #006db6;\"><\/i><i class=\"qode_icon_font_awesome fa fa-phone qode_icon_element fa-stack-1x\" style=\"font-size: 22px;color: #fff;\" ><\/i><\/span> 021 808 52 52<\/p>\n<p>[vc_separator type=&rsquo;transparent&rsquo; position=&rsquo;left&rsquo; color=\u00a0\u00bb thickness=\u00a0\u00bb up=&rsquo;20&rsquo; down=&rsquo;20&rsquo;]<\/p>\n<p><span data-type=\"circle\"   class=\"qode_icon_shortcode fa-stack q_font_awsome_icon_stack fa-2x pull-left \" style=\"margin: -18px 10px 0 0; \"><i class=\"fa fa-circle fa-stack-base fa-stack-2x\" style=\"color: #006db6;\"><\/i><i class=\"qode_icon_font_awesome fa fa-envelope qode_icon_element fa-stack-1x\" style=\"font-size: 22px;color: #fff;\" ><\/i><\/span> <a href=\"mailto:atelier@garage-ebner.ch\" target=\"_blank\" rel=\"noopener noreferrer\">atelier@garage-ebner.ch<\/a>[\/vc_column_text][\/vc_column_inner][vc_column_inner width=\u00a0\u00bb1\/2&Prime;][vc_separator type=\u00a0\u00bbtransparent\u00a0\u00bb up=\u00a0\u00bb29&Prime; down=\u00a0\u00bb0&Prime;][vc_single_image image=\u00a0\u00bb16620&Prime; img_size=\u00a0\u00bbfull\u00a0\u00bb qode_css_animation=\u00a0\u00bbelement_from_fade\u00a0\u00bb transition_delay=\u00a0\u00bb0.4&Prime;][vc_separator type=\u00a0\u00bbtransparent\u00a0\u00bb up=\u00a0\u00bb29&Prime; down=\u00a0\u00bb0&Prime;][vc_column_text]<\/p>\n<h5>Administration<\/h5>\n<p>[\/vc_column_text][vc_separator type=\u00a0\u00bbtransparent\u00a0\u00bb up=\u00a0\u00bb4&Prime; down=\u00a0\u00bb0&Prime;][vc_column_text]<\/p>\n<h2>Oph\u00e9lie Ebner<\/h2>\n<p>[\/vc_column_text][vc_separator type=\u00a0\u00bbtransparent\u00a0\u00bb up=\u00a0\u00bb24&Prime; down=\u00a0\u00bb0&Prime;][vc_column_text]<span data-type=\"circle\"   class=\"qode_icon_shortcode fa-stack q_font_awsome_icon_stack fa-2x pull-left \" style=\"margin: -18px 10px 0 0; \"><i class=\"fa fa-circle fa-stack-base fa-stack-2x\" style=\"color: #006db6;\"><\/i><i class=\"qode_icon_font_awesome fa fa-phone qode_icon_element fa-stack-1x\" style=\"font-size: 22px;color: #fff;\" ><\/i><\/span> 021 808 52 52<\/p>\n<p>[vc_separator type=&rsquo;transparent&rsquo; position=&rsquo;left&rsquo; color=\u00a0\u00bb thickness=\u00a0\u00bb up=&rsquo;20&rsquo; down=&rsquo;20&rsquo;]<\/p>\n<p><span data-type=\"circle\"   class=\"qode_icon_shortcode fa-stack q_font_awsome_icon_stack fa-2x pull-left \" style=\"margin: -18px 10px 0 0; \"><i class=\"fa fa-circle fa-stack-base fa-stack-2x\" style=\"color: #006db6;\"><\/i><i class=\"qode_icon_font_awesome fa fa-envelope qode_icon_element fa-stack-1x\" style=\"font-size: 22px;color: #fff;\" ><\/i><\/span> <a href=\"mailto:info@garage-ebner.ch\" target=\"_blank\" rel=\"noopener noreferrer\">info@garage-ebner.ch<\/a>[\/vc_column_text][\/vc_column_inner][\/vc_row_inner][\/vc_column][\/vc_row][vc_row css_animation=\u00a0\u00bb\u00a0\u00bb row_type=\u00a0\u00bbrow\u00a0\u00bb use_row_as_full_screen_section=\u00a0\u00bbno\u00a0\u00bb type=\u00a0\u00bbgrid\u00a0\u00bb angled_section=\u00a0\u00bbno\u00a0\u00bb text_align=\u00a0\u00bbleft\u00a0\u00bb background_image_as_pattern=\u00a0\u00bbwithout_pattern\u00a0\u00bb anchor=\u00a0\u00bbequipe\u00a0\u00bb background_color=\u00a0\u00bb#ffffff\u00a0\u00bb padding_top=\u00a0\u00bb82&Prime; padding_bottom=\u00a0\u00bb0&Prime;][vc_column][vc_row_inner row_type=\u00a0\u00bbrow\u00a0\u00bb type=\u00a0\u00bbfull_width\u00a0\u00bb text_align=\u00a0\u00bbleft\u00a0\u00bb css_animation=\u00a0\u00bb\u00a0\u00bb][vc_column_inner width=\u00a0\u00bb1\/2&Prime;][vc_separator type=\u00a0\u00bbtransparent\u00a0\u00bb up=\u00a0\u00bb29&Prime; down=\u00a0\u00bb0&Prime;][vc_single_image image=\u00a0\u00bb16699&Prime; img_size=\u00a0\u00bbfull\u00a0\u00bb css=\u00a0\u00bb\u00a0\u00bb qode_css_animation=\u00a0\u00bbelement_from_fade\u00a0\u00bb transition_delay=\u00a0\u00bb0.2&Prime;][vc_separator type=\u00a0\u00bbtransparent\u00a0\u00bb up=\u00a0\u00bb29&Prime; down=\u00a0\u00bb0&Prime;][vc_column_text css=\u00a0\u00bb\u00a0\u00bb]<\/p>\n<h5>\u00a0Apprenti m\u00e9canicien<\/h5>\n<p>[\/vc_column_text][vc_separator type=\u00a0\u00bbtransparent\u00a0\u00bb up=\u00a0\u00bb4&Prime; down=\u00a0\u00bb0&Prime;][vc_column_text css=\u00a0\u00bb\u00a0\u00bb]<\/p>\n<h2>Maxime<\/h2>\n<p>[\/vc_column_text][vc_separator type=\u00a0\u00bbtransparent\u00a0\u00bb up=\u00a0\u00bb24&Prime; down=\u00a0\u00bb0&Prime;][vc_column_text]<span data-type=\"circle\"   class=\"qode_icon_shortcode fa-stack q_font_awsome_icon_stack fa-2x pull-left \" style=\"margin: -18px 10px 0 0; \"><i class=\"fa fa-circle fa-stack-base fa-stack-2x\" style=\"color: #006db6;\"><\/i><i class=\"qode_icon_font_awesome fa fa-phone qode_icon_element fa-stack-1x\" style=\"font-size: 22px;color: #fff;\" ><\/i><\/span> 021 808 52 52<\/p>\n<p>[vc_separator type=&rsquo;transparent&rsquo; position=&rsquo;left&rsquo; color=\u00a0\u00bb thickness=\u00a0\u00bb up=&rsquo;20&rsquo; down=&rsquo;20&rsquo;]<\/p>\n<p><span data-type=\"circle\"   class=\"qode_icon_shortcode fa-stack q_font_awsome_icon_stack fa-2x pull-left \" style=\"margin: -18px 10px 0 0; \"><i class=\"fa fa-circle fa-stack-base fa-stack-2x\" style=\"color: #006db6;\"><\/i><i class=\"qode_icon_font_awesome fa fa-envelope qode_icon_element fa-stack-1x\" style=\"font-size: 22px;color: #fff;\" ><\/i><\/span> <a href=\"mailto:atelier@garage-ebner.ch\" target=\"_blank\" rel=\"noopener noreferrer\">atelier@garage-ebner.ch<\/a>[\/vc_column_text][\/vc_column_inner][vc_column_inner width=\u00a0\u00bb1\/2&Prime;][vc_separator type=\u00a0\u00bbtransparent\u00a0\u00bb up=\u00a0\u00bb29&Prime; down=\u00a0\u00bb0&Prime;][vc_separator type=\u00a0\u00bbtransparent\u00a0\u00bb up=\u00a0\u00bb29&Prime; down=\u00a0\u00bb0&Prime;][vc_separator type=\u00a0\u00bbtransparent\u00a0\u00bb up=\u00a0\u00bb4&Prime; down=\u00a0\u00bb0&Prime;][vc_separator type=\u00a0\u00bbtransparent\u00a0\u00bb up=\u00a0\u00bb24&Prime; down=\u00a0\u00bb0&Prime;][\/vc_column_inner][\/vc_row_inner][\/vc_column][\/vc_row][vc_row css_animation=\u00a0\u00bb\u00a0\u00bb row_type=\u00a0\u00bbrow\u00a0\u00bb use_row_as_full_screen_section=\u00a0\u00bbno\u00a0\u00bb type=\u00a0\u00bbgrid\u00a0\u00bb angled_section=\u00a0\u00bbno\u00a0\u00bb text_align=\u00a0\u00bbleft\u00a0\u00bb background_image_as_pattern=\u00a0\u00bbwithout_pattern\u00a0\u00bb background_color=\u00a0\u00bb#ffffff\u00a0\u00bb padding_top=\u00a0\u00bb100&Prime; padding_bottom=\u00a0\u00bb20&Prime;][vc_column][vc_separator type=\u00a0\u00bbsmall\u00a0\u00bb position=\u00a0\u00bbleft\u00a0\u00bb up=\u00a0\u00bb20&Prime; down=\u00a0\u00bb42&Prime;][vc_column_text]<\/p>\n<h2>En quelques chiffres<\/h2>\n<p>[\/vc_column_text][vc_separator type=\u00a0\u00bbtransparent\u00a0\u00bb up=\u00a0\u00bb13&Prime; down=\u00a0\u00bb0&Prime;][vc_column_text]<\/p>\n<h5>Garanties &amp; Euro-service Assistance<\/h5>\n<p>[\/vc_column_text][vc_separator type=\u00a0\u00bbtransparent\u00a0\u00bb up=\u00a0\u00bb66&Prime; down=\u00a0\u00bb0&Prime;][vc_row_inner row_type=\u00a0\u00bbrow\u00a0\u00bb type=\u00a0\u00bbfull_width\u00a0\u00bb text_align=\u00a0\u00bbleft\u00a0\u00bb css_animation=\u00a0\u00bb\u00a0\u00bb][vc_column_inner width=\u00a0\u00bb1\/3&Prime;]<div class=\"q_pie_chart_holder\"><div class=\"q_percentage\" data-percent=\"100\" data-linewidth=\"20\" data-noactive=\"#cfd0d3\"><span class=\"tocounter\">100<\/span>%<\/div><div class=\"pie_chart_text\"><h5 class=\"pie_title\">Garantie<\/h5><p>La quintuple garantie de Subaru, une prestation unique.<\/p><\/div><\/div>[vc_separator type=\u00a0\u00bbtransparent\u00a0\u00bb up=\u00a0\u00bb74&Prime; down=\u00a0\u00bb0&Prime;][\/vc_column_inner][vc_column_inner width=\u00a0\u00bb1\/3&Prime;]<div class=\"q_pie_chart_holder\"><div class=\"q_percentage\" data-percent=\"100\" data-linewidth=\"20\" data-noactive=\"#cfd0d3\"><span class=\"tocounter\">100<\/span>%<\/div><div class=\"pie_chart_text\"><h5 class=\"pie_title\">Garantie cons\u00e9cutive<\/h5><p>Garantie d\u2019usine de 3 ans plus la garantie cons\u00e9cutive pour les 4e et 5e ann\u00e9es.<\/p><\/div><\/div>[vc_separator type=\u00a0\u00bbtransparent\u00a0\u00bb up=\u00a0\u00bb74&Prime; down=\u00a0\u00bb0&Prime;][\/vc_column_inner][vc_column_inner width=\u00a0\u00bb1\/3&Prime;]<div class=\"q_pie_chart_holder\"><div class=\"q_percentage\" data-percent=\"100\" data-linewidth=\"20\" data-noactive=\"#cfd0d3\"><span class=\"tocounter\">100<\/span>%<\/div><div class=\"pie_chart_text\"><h5 class=\"pie_title\">Euro-service Assistance<\/h5><p>3 ans (d\u00e8s la 1re mise en circulation) de d\u00e9pannage gratuit 24 h\/24 dans toute l&#039;Europe (prolongation possible).<\/p><\/div><\/div>[vc_separator type=\u00a0\u00bbtransparent\u00a0\u00bb up=\u00a0\u00bb74&Prime; down=\u00a0\u00bb0&Prime;][\/vc_column_inner][\/vc_row_inner][\/vc_column][\/vc_row][vc_row row_type=\u00a0\u00bbparallax\u00a0\u00bb parallax_content_width=\u00a0\u00bbin_grid\u00a0\u00bb text_align=\u00a0\u00bbleft\u00a0\u00bb full_screen_section_height=\u00a0\u00bbno\u00a0\u00bb background_image=\u00a0\u00bb16639&Prime; section_height=\u00a0\u00bb600&Prime;][vc_column][vc_separator type=\u00a0\u00bbtransparent\u00a0\u00bb up=\u00a0\u00bb58&Prime; down=\u00a0\u00bb75&Prime;][vc_separator type=\u00a0\u00bbtransparent\u00a0\u00bb up=\u00a0\u00bb79&Prime; down=\u00a0\u00bb0&Prime;][\/vc_column][\/vc_row][vc_row row_type=\u00a0\u00bbparallax\u00a0\u00bb parallax_content_width=\u00a0\u00bbin_grid\u00a0\u00bb text_align=\u00a0\u00bbleft\u00a0\u00bb full_screen_section_height=\u00a0\u00bbno\u00a0\u00bb background_image=\u00a0\u00bb16637&Prime; section_height=\u00a0\u00bb600&Prime;][vc_column][vc_separator type=\u00a0\u00bbtransparent\u00a0\u00bb up=\u00a0\u00bb58&Prime; down=\u00a0\u00bb75&Prime;][vc_separator type=\u00a0\u00bbtransparent\u00a0\u00bb up=\u00a0\u00bb79&Prime; down=\u00a0\u00bb0&Prime;][\/vc_column][\/vc_row][vc_row row_type=\u00a0\u00bbparallax\u00a0\u00bb parallax_content_width=\u00a0\u00bbin_grid\u00a0\u00bb text_align=\u00a0\u00bbleft\u00a0\u00bb full_screen_section_height=\u00a0\u00bbno\u00a0\u00bb background_image=\u00a0\u00bb16638&Prime; section_height=\u00a0\u00bb600&Prime;][vc_column][vc_separator type=\u00a0\u00bbtransparent\u00a0\u00bb up=\u00a0\u00bb58&Prime; down=\u00a0\u00bb75&Prime;][vc_separator type=\u00a0\u00bbtransparent\u00a0\u00bb up=\u00a0\u00bb79&Prime; down=\u00a0\u00bb0&Prime;][\/vc_column][\/vc_row][vc_row row_type=\u00a0\u00bbparallax\u00a0\u00bb parallax_content_width=\u00a0\u00bbin_grid\u00a0\u00bb text_align=\u00a0\u00bbleft\u00a0\u00bb full_screen_section_height=\u00a0\u00bbno\u00a0\u00bb background_image=\u00a0\u00bb16628&Prime; section_height=\u00a0\u00bb600&Prime;][vc_column][vc_separator type=\u00a0\u00bbtransparent\u00a0\u00bb up=\u00a0\u00bb58&Prime; down=\u00a0\u00bb75&Prime;][vc_separator type=\u00a0\u00bbtransparent\u00a0\u00bb up=\u00a0\u00bb79&Prime; down=\u00a0\u00bb0&Prime;][\/vc_column][\/vc_row][vc_row row_type=\u00a0\u00bbparallax\u00a0\u00bb parallax_content_width=\u00a0\u00bbin_grid\u00a0\u00bb text_align=\u00a0\u00bbleft\u00a0\u00bb full_screen_section_height=\u00a0\u00bbno\u00a0\u00bb background_image=\u00a0\u00bb16635&Prime; section_height=\u00a0\u00bb600&Prime;][vc_column][vc_separator type=\u00a0\u00bbtransparent\u00a0\u00bb up=\u00a0\u00bb58&Prime; down=\u00a0\u00bb75&Prime;][vc_separator type=\u00a0\u00bbtransparent\u00a0\u00bb up=\u00a0\u00bb79&Prime; down=\u00a0\u00bb0&Prime;][\/vc_column][\/vc_row]<\/p>\n<\/div>","protected":false},"excerpt":{"rendered":"<p>[vc_row css_animation=\u00a0\u00bb\u00a0\u00bb row_type=\u00a0\u00bbrow\u00a0\u00bb use_row_as_full_screen_section=\u00a0\u00bbno\u00a0\u00bb type=\u00a0\u00bbgrid\u00a0\u00bb angled_section=\u00a0\u00bbno\u00a0\u00bb text_align=\u00a0\u00bbleft\u00a0\u00bb background_image_as_pattern=\u00a0\u00bbwithout_pattern\u00a0\u00bb anchor=\u00a0\u00bbequipe\u00a0\u00bb background_color=\u00a0\u00bb#ffffff\u00a0\u00bb padding_top=\u00a0\u00bb82&Prime; padding_bottom=\u00a0\u00bb0&Prime;][vc_column][vc_column_text] L&rsquo;\u00e9quipe [\/vc_column_text][vc_separator type=\u00a0\u00bbtransparent\u00a0\u00bb up=\u00a0\u00bb13&Prime; down=\u00a0\u00bb0&Prime;][vc_column_text] \u00e0\u00a0votre service [\/vc_column_text][vc_separator type=\u00a0\u00bbtransparent\u00a0\u00bb up=\u00a0\u00bb46&Prime; down=\u00a0\u00bb0&Prime;][\/vc_column][\/vc_row][vc_row css_animation=\u00a0\u00bb\u00a0\u00bb row_type=\u00a0\u00bbrow\u00a0\u00bb use_row_as_full_screen_section=\u00a0\u00bbno\u00a0\u00bb type=\u00a0\u00bbgrid\u00a0\u00bb angled_section=\u00a0\u00bbno\u00a0\u00bb text_align=\u00a0\u00bbleft\u00a0\u00bb background_image_as_pattern=\u00a0\u00bbwithout_pattern\u00a0\u00bb anchor=\u00a0\u00bbequipe\u00a0\u00bb background_color=\u00a0\u00bb#ffffff\u00a0\u00bb padding_top=\u00a0\u00bb82&Prime; padding_bottom=\u00a0\u00bb0&Prime;][vc_column][vc_row_inner row_type=\u00a0\u00bbrow\u00a0\u00bb type=\u00a0\u00bbfull_width\u00a0\u00bb text_align=\u00a0\u00bbleft\u00a0\u00bb css_animation=\u00a0\u00bb\u00a0\u00bb][vc_column_inner width=\u00a0\u00bb1\/2&Prime;][vc_single_image image=\u00a0\u00bb16611&Prime; img_size=\u00a0\u00bbfull\u00a0\u00bb qode_css_animation=\u00a0\u00bbelement_from_fade\u00a0\u00bb transition_delay=\u00a0\u00bb0.2&Prime;][vc_separator type=\u00a0\u00bbtransparent\u00a0\u00bb up=\u00a0\u00bb29&Prime;&#8230;<\/p>\n","protected":false},"author":1,"featured_media":0,"parent":0,"menu_order":0,"comment_status":"closed","ping_status":"open","template":"full_width.php","meta":{"footnotes":""},"class_list":["post-15806","page","type-page","status-publish","hentry"],"yoast_head":"<!-- This site is optimized with the Yoast SEO plugin v23.4 - https:\/\/yoast.com\/wordpress\/plugins\/seo\/ -->\n<title>Notre \u00e9quipe - Garage Alain Ebner<\/title>\n<meta name=\"description\" content=\"Notre \u00e9quipe au complet, Direction, Chef d&#039;atelier, M\u00e9canicien, retrouvez tous les informations de contacts en un coup d&#039;oeil.\" \/>\n<meta name=\"robots\" content=\"index, follow, max-snippet:-1, max-image-preview:large, max-video-preview:-1\" \/>\n<link rel=\"canonical\" href=\"https:\/\/garage-ebner.ch\/newsite\/notre-equipe\/\" \/>\n<meta property=\"og:locale\" content=\"fr_FR\" \/>\n<meta property=\"og:type\" content=\"article\" \/>\n<meta property=\"og:title\" content=\"Notre \u00e9quipe - Garage Alain Ebner\" \/>\n<meta property=\"og:description\" content=\"Notre \u00e9quipe au complet, Direction, Chef d&#039;atelier, M\u00e9canicien, retrouvez tous les informations de contacts en un coup d&#039;oeil.\" \/>\n<meta property=\"og:url\" content=\"https:\/\/garage-ebner.ch\/newsite\/notre-equipe\/\" \/>\n<meta property=\"og:site_name\" content=\"Garage Alain Ebner\" \/>\n<meta property=\"article:modified_time\" content=\"2025-11-03T13:56:33+00:00\" \/>\n<meta property=\"og:image\" content=\"https:\/\/garage-ebner.ch\/newsite\/wp-content\/uploads\/2022\/10\/my22_subaru_forester_Street.jpg\" \/>\n\t<meta property=\"og:image:width\" content=\"1380\" \/>\n\t<meta property=\"og:image:height\" content=\"842\" \/>\n\t<meta property=\"og:image:type\" content=\"image\/jpeg\" \/>\n<meta name=\"twitter:card\" content=\"summary_large_image\" \/>\n<meta name=\"twitter:label1\" content=\"Dur\u00e9e de lecture estim\u00e9e\" \/>\n\t<meta name=\"twitter:data1\" content=\"6 minutes\" \/>\n<script type=\"application\/ld+json\" class=\"yoast-schema-graph\">{\"@context\":\"https:\/\/schema.org\",\"@graph\":[{\"@type\":\"WebPage\",\"@id\":\"https:\/\/garage-ebner.ch\/newsite\/notre-equipe\/\",\"url\":\"https:\/\/garage-ebner.ch\/newsite\/notre-equipe\/\",\"name\":\"Notre \u00e9quipe - Garage Alain Ebner\",\"isPartOf\":{\"@id\":\"https:\/\/garage-ebner.ch\/newsite\/#website\"},\"datePublished\":\"2017-01-16T10:02:53+00:00\",\"dateModified\":\"2025-11-03T13:56:33+00:00\",\"description\":\"Notre \u00e9quipe au complet, Direction, Chef d'atelier, M\u00e9canicien, retrouvez tous les informations de contacts en un coup d'oeil.\",\"breadcrumb\":{\"@id\":\"https:\/\/garage-ebner.ch\/newsite\/notre-equipe\/#breadcrumb\"},\"inLanguage\":\"fr-FR\",\"potentialAction\":[{\"@type\":\"ReadAction\",\"target\":[\"https:\/\/garage-ebner.ch\/newsite\/notre-equipe\/\"]}]},{\"@type\":\"BreadcrumbList\",\"@id\":\"https:\/\/garage-ebner.ch\/newsite\/notre-equipe\/#breadcrumb\",\"itemListElement\":[{\"@type\":\"ListItem\",\"position\":1,\"name\":\"Accueil\",\"item\":\"https:\/\/garage-ebner.ch\/newsite\/\"},{\"@type\":\"ListItem\",\"position\":2,\"name\":\"Notre \u00e9quipe\"}]},{\"@type\":\"WebSite\",\"@id\":\"https:\/\/garage-ebner.ch\/newsite\/#website\",\"url\":\"https:\/\/garage-ebner.ch\/newsite\/\",\"name\":\"Garage Alain Ebner - Subaru et Suzuki\",\"description\":\"Votre concessionnaire Subaru &amp; Suzuki \u00e0 Aubonne\",\"alternateName\":\"Garage Subaru Alain Ebner\",\"potentialAction\":[{\"@type\":\"SearchAction\",\"target\":{\"@type\":\"EntryPoint\",\"urlTemplate\":\"https:\/\/garage-ebner.ch\/newsite\/?s={search_term_string}\"},\"query-input\":{\"@type\":\"PropertyValueSpecification\",\"valueRequired\":true,\"valueName\":\"search_term_string\"}}],\"inLanguage\":\"fr-FR\"}]}<\/script>\n<!-- \/ Yoast SEO plugin. -->","yoast_head_json":{"title":"Notre \u00e9quipe - Garage Alain Ebner","description":"Notre \u00e9quipe au complet, Direction, Chef d'atelier, M\u00e9canicien, retrouvez tous les informations de contacts en un coup d'oeil.","robots":{"index":"index","follow":"follow","max-snippet":"max-snippet:-1","max-image-preview":"max-image-preview:large","max-video-preview":"max-video-preview:-1"},"canonical":"https:\/\/garage-ebner.ch\/newsite\/notre-equipe\/","og_locale":"fr_FR","og_type":"article","og_title":"Notre \u00e9quipe - Garage Alain Ebner","og_description":"Notre \u00e9quipe au complet, Direction, Chef d'atelier, M\u00e9canicien, retrouvez tous les informations de contacts en un coup d'oeil.","og_url":"https:\/\/garage-ebner.ch\/newsite\/notre-equipe\/","og_site_name":"Garage Alain Ebner","article_modified_time":"2025-11-03T13:56:33+00:00","og_image":[{"width":1380,"height":842,"url":"https:\/\/garage-ebner.ch\/newsite\/wp-content\/uploads\/2022\/10\/my22_subaru_forester_Street.jpg","type":"image\/jpeg"}],"twitter_card":"summary_large_image","twitter_misc":{"Dur\u00e9e de lecture estim\u00e9e":"6 minutes"},"schema":{"@context":"https:\/\/schema.org","@graph":[{"@type":"WebPage","@id":"https:\/\/garage-ebner.ch\/newsite\/notre-equipe\/","url":"https:\/\/garage-ebner.ch\/newsite\/notre-equipe\/","name":"Notre \u00e9quipe - Garage Alain Ebner","isPartOf":{"@id":"https:\/\/garage-ebner.ch\/newsite\/#website"},"datePublished":"2017-01-16T10:02:53+00:00","dateModified":"2025-11-03T13:56:33+00:00","description":"Notre \u00e9quipe au complet, Direction, Chef d'atelier, M\u00e9canicien, retrouvez tous les informations de contacts en un coup d'oeil.","breadcrumb":{"@id":"https:\/\/garage-ebner.ch\/newsite\/notre-equipe\/#breadcrumb"},"inLanguage":"fr-FR","potentialAction":[{"@type":"ReadAction","target":["https:\/\/garage-ebner.ch\/newsite\/notre-equipe\/"]}]},{"@type":"BreadcrumbList","@id":"https:\/\/garage-ebner.ch\/newsite\/notre-equipe\/#breadcrumb","itemListElement":[{"@type":"ListItem","position":1,"name":"Accueil","item":"https:\/\/garage-ebner.ch\/newsite\/"},{"@type":"ListItem","position":2,"name":"Notre \u00e9quipe"}]},{"@type":"WebSite","@id":"https:\/\/garage-ebner.ch\/newsite\/#website","url":"https:\/\/garage-ebner.ch\/newsite\/","name":"Garage Alain Ebner - Subaru et Suzuki","description":"Votre concessionnaire Subaru &amp; Suzuki \u00e0 Aubonne","alternateName":"Garage Subaru Alain Ebner","potentialAction":[{"@type":"SearchAction","target":{"@type":"EntryPoint","urlTemplate":"https:\/\/garage-ebner.ch\/newsite\/?s={search_term_string}"},"query-input":{"@type":"PropertyValueSpecification","valueRequired":true,"valueName":"search_term_string"}}],"inLanguage":"fr-FR"}]}},"_links":{"self":[{"href":"https:\/\/garage-ebner.ch\/newsite\/wp-json\/wp\/v2\/pages\/15806"}],"collection":[{"href":"https:\/\/garage-ebner.ch\/newsite\/wp-json\/wp\/v2\/pages"}],"about":[{"href":"https:\/\/garage-ebner.ch\/newsite\/wp-json\/wp\/v2\/types\/page"}],"author":[{"embeddable":true,"href":"https:\/\/garage-ebner.ch\/newsite\/wp-json\/wp\/v2\/users\/1"}],"replies":[{"embeddable":true,"href":"https:\/\/garage-ebner.ch\/newsite\/wp-json\/wp\/v2\/comments?post=15806"}],"version-history":[{"count":64,"href":"https:\/\/garage-ebner.ch\/newsite\/wp-json\/wp\/v2\/pages\/15806\/revisions"}],"predecessor-version":[{"id":16700,"href":"https:\/\/garage-ebner.ch\/newsite\/wp-json\/wp\/v2\/pages\/15806\/revisions\/16700"}],"wp:attachment":[{"href":"https:\/\/garage-ebner.ch\/newsite\/wp-json\/wp\/v2\/media?parent=15806"}],"curies":[{"name":"wp","href":"https:\/\/api.w.org\/{rel}","templated":true}]}}